{"id":583,"date":"2025-08-08T16:36:12","date_gmt":"2025-08-08T21:36:12","guid":{"rendered":"https:\/\/www.sonidohiphop.com\/?page_id=583"},"modified":"2025-08-08T16:36:13","modified_gmt":"2025-08-08T21:36:13","slug":"taxirap","status":"publish","type":"page","link":"https:\/\/www.sonidohiphop.com\/?page_id=583","title":{"rendered":"TaxiRap"},"content":{"rendered":"\n\n\n\n<h1><font style=\"vertical-align: inherit;\"><font style=\"vertical-align: inherit;\"><font style=\"vertical-align: inherit;\"><font style=\"vertical-align: inherit;\"><font style=\"vertical-align: inherit;\"><font style=\"vertical-align: inherit;\">Taxi Rap<\/font><\/font><\/font><\/font><\/font><\/font><\/h1>\n\n\n\n\n\n\n\n\n\n\n\n\n\n\n\n\n\n\n<h1><font style=\"vertical-align: inherit;\"><font style=\"vertical-align: inherit;\"><font style=\"vertical-align: inherit;\"><font style=\"vertical-align: inherit;\">Un viaje musical que transforma vidas<\/font><\/font><\/font><\/font><\/h1>\n<h1><font style=\"vertical-align: inherit;\"><font style=\"vertical-align: inherit;\">Sonido Hip Hop, viernes 27 de junio de 2025<\/font><\/font><\/h1>\n<h1><p class=\"MsoNoSpacing\" style=\"text-align:justify\"><span lang=\"ES\" style=\"font-size:12.0pt;mso-ansi-language:ES\">Este jueves 26 de junio a las\n10:00 p.\u202fm. se estren\u00f3 TaxiRap, a trav\u00e9s de Se\u00f1al Colombia, canal que abre sus\npuertas a la m\u00fasica Rap con el estreno de este programa que combina el talento\nemergente del Hip Hop colombiano con un mensaje poderoso de transformaci\u00f3n\nsocial. El programa tambi\u00e9n tendr\u00e1 repetici\u00f3n los domingos a la 1:30 p.\u202fm.<o:p><\/o:p><\/span><\/p>\n\n<p class=\"MsoNoSpacing\" style=\"text-align:justify\"><span lang=\"ES\" style=\"font-size:12.0pt;mso-ansi-language:ES\">&nbsp;<\/span><span style=\"font-size: 12pt;\">En un taxi convertido en estudio\nm\u00f3vil, cada episodio se convierte en un escenario sobre ruedas. J\u00f3venes\nartistas de todo el pa\u00eds suben a bordo para compartir sus historias,\nimprovisaciones, letras y sue\u00f1os. Desde las monta\u00f1as hasta las costas, desde\nlos barrios urbanos hasta las zonas rurales, esta serie recorre caminos donde\nel Hip Hop se vive como forma de resistencia, identidad y esperanza.<\/span><\/p>\n\n<p class=\"MsoNoSpacing\" style=\"text-align:justify\"><span lang=\"ES\" style=\"font-size:12.0pt;mso-ansi-language:ES\">&nbsp;<\/span><span style=\"font-size: 12pt;\">El lanzamiento de \u201cTaxiRap\u201d\ncoincide con la celebraci\u00f3n de la Semana del Hip Hop en Cali, del 22 al 29 de\njunio, un evento que vibra al ritmo de las rimas, el break dance y la cultura\ncallejera. El Sistema de Medios P\u00fablicos de Colombia acompa\u00f1a esta fiesta con\ncobertura radial y televisiva, y aprovecha el escenario perfecto para presentar\nesta propuesta audiovisual que visibiliza a artistas con historias potentes,\nsonidos aut\u00e9nticos y mensajes que cruzan fronteras.<\/span><\/p>\n\n<p class=\"MsoNoSpacing\" style=\"text-align:justify\"><span style=\"font-size: 12pt;\">Cada parada del taxi revela una\nhistoria distinta: j\u00f3venes que enfrentan desaf\u00edos cotidianos como la violencia,\nla discriminaci\u00f3n o la falta de oportunidades, y que encuentran en el arte una\nherramienta para sanar, resistir y proyectar sus voces. La serie sigue esa\nl\u00ednea narrativa que ya explor\u00f3 \u201cRelatos Amarillos\u201d, el p\u00f3dcast que captur\u00f3 las\nconfesiones m\u00e1s humanas desde el asiento trasero de un taxi, tambi\u00e9n disponible\nen RTVCPlay, la plataforma digital gratuita de los colombianos.<\/span><\/p>\n\n<p class=\"MsoNoSpacing\" style=\"text-align:justify\"><span style=\"font-size: 12pt;\">\u201cTaxiRap\u201d reafirma el\ncompromiso de la televisi\u00f3n p\u00fablica con la diversidad cultural del pa\u00eds. En\ncada cap\u00edtulo, se escuchan las voces de comunidades afrocolombianas, ind\u00edgenas,\nraizales, palenqueras, campesinas y urbanas, en un homenaje sonoro al pa\u00eds que\nsomos y al que so\u00f1amos construir desde el arte, la palabra y la empat\u00eda.<\/span><\/p>\n\n<p class=\"MsoNoSpacing\" style=\"text-align:justify\"><span style=\"font-size: 12pt;\">Desde Sonido Hip Hop, Felicitamos\na nuestros compa\u00f1eros de Colombia Rap Music, por este merecido he importante\nlogro, que crea una vitrina destacada para nuestra cultura Hip Hop.<\/span><\/p>\n\n<p class=\"MsoNoSpacing\" style=\"text-align:justify\"><span lang=\"ES\" style=\"font-size:12.0pt;mso-ansi-language:ES\">&nbsp;<\/span><\/p><\/h1><h1 class=\"MsoNormal\"><span lang=\"ES\" style=\"font-size:14.0pt;line-height:115%;\nfont-family:&quot;Arial&quot;,sans-serif\"><o:p><\/o:p><\/span><\/h1>\n\n\n\n\n\n\n\n\n\n\n\n","protected":false},"excerpt":{"rendered":"","protected":false},"author":1,"featured_media":0,"parent":184,"menu_order":0,"comment_status":"closed","ping_status":"closed","template":"","meta":{"pagelayer_contact_templates":[],"_pagelayer_content":"","h5ap_radio_sources":[],"footnotes":""},"class_list":["post-583","page","type-page","status-publish","hentry"],"_links":{"self":[{"href":"https:\/\/www.sonidohiphop.com\/index.php?rest_route=\/wp\/v2\/pages\/583","targetHints":{"allow":["GET"]}}],"collection":[{"href":"https:\/\/www.sonidohiphop.com\/index.php?rest_route=\/wp\/v2\/pages"}],"about":[{"href":"https:\/\/www.sonidohiphop.com\/index.php?rest_route=\/wp\/v2\/types\/page"}],"author":[{"embeddable":true,"href":"https:\/\/www.sonidohiphop.com\/index.php?rest_route=\/wp\/v2\/users\/1"}],"replies":[{"embeddable":true,"href":"https:\/\/www.sonidohiphop.com\/index.php?rest_route=%2Fwp%2Fv2%2Fcomments&post=583"}],"version-history":[{"count":1,"href":"https:\/\/www.sonidohiphop.com\/index.php?rest_route=\/wp\/v2\/pages\/583\/revisions"}],"predecessor-version":[{"id":588,"href":"https:\/\/www.sonidohiphop.com\/index.php?rest_route=\/wp\/v2\/pages\/583\/revisions\/588"}],"up":[{"embeddable":true,"href":"https:\/\/www.sonidohiphop.com\/index.php?rest_route=\/wp\/v2\/pages\/184"}],"wp:attachment":[{"href":"https:\/\/www.sonidohiphop.com\/index.php?rest_route=%2Fwp%2Fv2%2Fmedia&parent=583"}],"curies":[{"name":"wp","href":"https:\/\/api.w.org\/{rel}","templated":true}]}}